{"id":4305,"date":"2017-02-17T09:23:43","date_gmt":"2017-02-17T08:23:43","guid":{"rendered":"http:\/\/www.ameco.it\/news-diritto-civile\/"},"modified":"2017-08-25T15:22:55","modified_gmt":"2017-08-25T13:22:55","slug":"news-diritto-civile","status":"publish","type":"page","link":"https:\/\/www.ameco.it\/en\/news-diritto-civile\/","title":{"rendered":"NEWS &#8211; Civil law"},"content":{"rendered":"<div id='av-layout-grid-1'  class='av-layout-grid-container av-av_layout_row-caf1f26e08707a2ebe9176b630e736c2 entry-content-wrapper main_color av-flex-cells  avia-builder-el-0  el_before_av_blog  avia-builder-el-first   container_wrap sidebar_right'  >\n\n<style type=\"text\/css\" data-created_by=\"avia_inline_auto\" id=\"style-css-av-av_cell_one_half-609743436868244e5f9906dd836d290f\">\n.flex_cell.av-av_cell_one_half-609743436868244e5f9906dd836d290f{\nvertical-align:top;\nbackground:url(https:\/\/www.ameco.it\/wp-content\/uploads\/2016\/07\/news.jpg) 50% 50% no-repeat scroll ;\n}\n<\/style>\n<div class='flex_cell av-av_cell_one_half-609743436868244e5f9906dd836d290f av-gridrow-cell av_one_half no_margin  avia-builder-el-1  el_before_av_cell_one_half  avia-builder-el-first ' ><div class='flex_cell_inner'><\/div><\/div>\n<style type=\"text\/css\" data-created_by=\"avia_inline_auto\" id=\"style-css-av-av_cell_one_half-348bb5fd7153edeb4f8d08c4a93b85a2\">\n.flex_cell.av-av_cell_one_half-348bb5fd7153edeb4f8d08c4a93b85a2{\nvertical-align:top;\nbackground-color:#202864;\n}\n.responsive #top #wrap_all .flex_cell.av-av_cell_one_half-348bb5fd7153edeb4f8d08c4a93b85a2{\npadding:50px 50px 250px 50px !important;\n}\n<\/style>\n<div class='flex_cell av-av_cell_one_half-348bb5fd7153edeb4f8d08c4a93b85a2 av-gridrow-cell av_one_half no_margin  avia-builder-el-2  el_after_av_cell_one_half  avia-builder-el-last ' ><div class='flex_cell_inner'>\n<style type=\"text\/css\" data-created_by=\"avia_inline_auto\" id=\"style-css-av-av_heading-ae9e018a20585355a8a5ef631fdc5232\">\n#top .av-special-heading.av-av_heading-ae9e018a20585355a8a5ef631fdc5232{\npadding-bottom:25px;\ncolor:#ffffff;\n}\nbody .av-special-heading.av-av_heading-ae9e018a20585355a8a5ef631fdc5232 .av-special-heading-tag .heading-char{\nfont-size:25px;\n}\n.av-special-heading.av-av_heading-ae9e018a20585355a8a5ef631fdc5232 .special-heading-inner-border{\nborder-color:#ffffff;\n}\n.av-special-heading.av-av_heading-ae9e018a20585355a8a5ef631fdc5232 .av-subheading{\nfont-size:15px;\n}\n<\/style>\n<div  class='av-special-heading av-av_heading-ae9e018a20585355a8a5ef631fdc5232 av-special-heading-h1 custom-color-heading blockquote modern-quote  avia-builder-el-3  avia-builder-el-no-sibling '><h1 class='av-special-heading-tag'  itemprop=\"headline\"  >News &#8211; Civil law<\/h1><div class=\"special-heading-border\"><div class=\"special-heading-inner-border\"><\/div><\/div><\/div>\n<\/div><\/div><\/div><div id='after_grid_row_1'  class='main_color av_default_container_wrap container_wrap sidebar_right'  ><div class='container av-section-cont-open' ><div class='template-page content  av-content-small alpha units'><div class='post-entry post-entry-type-page post-entry-4305'><div class='entry-content-wrapper clearfix'><div  data-slideshow-options=\"{&quot;animation&quot;:&quot;fade&quot;,&quot;autoplay&quot;:false,&quot;loop_autoplay&quot;:&quot;once&quot;,&quot;interval&quot;:5,&quot;loop_manual&quot;:&quot;manual-endless&quot;,&quot;autoplay_stopper&quot;:false,&quot;noNavigation&quot;:false,&quot;show_slide_delay&quot;:90}\" class='avia-content-slider avia-content-grid-active avia-content-slider1 avia-content-slider-odd  avia-builder-el-4  el_after_av_layout_row  avia-builder-el-no-sibling  av-slideshow-ui av-control-default   av-no-slider-navigation av-slideshow-manual av-loop-once av-loop-manual-endless '  itemscope=\"itemscope\" itemtype=\"https:\/\/schema.org\/Blog\" ><div class=\"avia-content-slider-inner\"><div class=\"slide-entry-wrap\"><article class='slide-entry flex_column  post-entry post-entry-4173 slide-entry-overview slide-loop-1 slide-parity-odd  av_one_third first real-thumbnail posttype-post post-format-standard'  itemscope=\"itemscope\" itemtype=\"https:\/\/schema.org\/CreativeWork\" ><a href='https:\/\/www.ameco.it\/en\/responsabilita-medica-validita-della-clausola-claims-made\/' data-rel='slide-1' class='slide-image' title='Responsabilit\u00e0 medica: validit\u00e0 della clausola claim&#8217;s made'><img decoding=\"async\" width=\"495\" height=\"400\" src=\"https:\/\/www.ameco.it\/wp-content\/uploads\/2017\/05\/3-2-495x400.jpg\" class=\"wp-image-3436 avia-img-lazy-loading-not-3436 attachment-portfolio size-portfolio wp-post-image\" alt=\"\" \/><\/a><div class=\"slide-content\"><header class=\"entry-content-header\"><h3 class='slide-entry-title entry-title '  itemprop=\"headline\" ><a href='https:\/\/www.ameco.it\/en\/responsabilita-medica-validita-della-clausola-claims-made\/' title='Responsabilit\u00e0 medica: validit\u00e0 della clausola claim&#8217;s made'>Responsabilit\u00e0 medica: validit\u00e0 della clausola claim&#8217;s made<\/a><\/h3><span class=\"av-vertical-delimiter\"><\/span><\/header><div class=\"slide-meta\"><time class='slide-meta-time updated'  itemprop=\"datePublished\" datetime=\"2017-05-19T18:13:51+02:00\" >19 May 2017<\/time><\/div><div class='slide-entry-excerpt entry-content'  itemprop=\"text\" >\r\n\r\n<div class=\"read-more-link\"><a href=\"https:\/\/www.ameco.it\/en\/responsabilita-medica-validita-della-clausola-claims-made\/\" class=\"more-link\">Read more<span class=\"more-link-arrow\"><\/span><\/a><\/div><\/div><\/div><footer class=\"entry-footer\"><\/footer><span class='hidden'>\n\t\t\t\t<span class='av-structured-data'  itemprop=\"image\" itemscope=\"itemscope\" itemtype=\"https:\/\/schema.org\/ImageObject\" >\n\t\t\t\t\t\t<span itemprop='url'>https:\/\/www.ameco.it\/wp-content\/uploads\/2017\/05\/3-2.jpg<\/span>\n\t\t\t\t\t\t<span itemprop='height'>492<\/span>\n\t\t\t\t\t\t<span itemprop='width'>600<\/span>\n\t\t\t\t<\/span>\n\t\t\t\t<span class='av-structured-data'  itemprop=\"publisher\" itemtype=\"https:\/\/schema.org\/Organization\" itemscope=\"itemscope\" >\n\t\t\t\t\t\t<span itemprop='name'>Roberto Macan<\/span>\n\t\t\t\t\t\t<span itemprop='logo' itemscope itemtype='https:\/\/schema.org\/ImageObject'>\n\t\t\t\t\t\t\t<span itemprop='url'>\/wp-content\/uploads\/2016\/12\/ameco-logo-1.png<\/span>\n\t\t\t\t\t\t<\/span>\n\t\t\t\t<\/span><span class='av-structured-data'  itemprop=\"author\" itemscope=\"itemscope\" itemtype=\"https:\/\/schema.org\/Person\" ><span itemprop='name'>Roberto Macan<\/span><\/span><span class='av-structured-data'  itemprop=\"datePublished\" datetime=\"2017-02-17T09:23:43+01:00\" >2017-05-19 18:13:51<\/span><span class='av-structured-data'  itemprop=\"dateModified\" itemtype=\"https:\/\/schema.org\/dateModified\" >2017-08-24 15:50:51<\/span><span class='av-structured-data'  itemprop=\"mainEntityOfPage\" itemtype=\"https:\/\/schema.org\/mainEntityOfPage\" ><span itemprop='name'>Responsabilit\u00e0 medica: validit\u00e0 della clausola claim&#8217;s made<\/span><\/span><\/span><\/article><article class='slide-entry flex_column  post-entry post-entry-4190 slide-entry-overview slide-loop-2 slide-parity-even  av_one_third  real-thumbnail posttype-post post-format-standard'  itemscope=\"itemscope\" itemtype=\"https:\/\/schema.org\/CreativeWork\" ><a href='https:\/\/www.ameco.it\/en\/nuove-prove-in-appello\/' data-rel='slide-1' class='slide-image' title='Nuove prove in appello'><img decoding=\"async\" width=\"495\" height=\"400\" src=\"https:\/\/www.ameco.it\/wp-content\/uploads\/2017\/05\/1-1-495x400.jpg\" class=\"wp-image-3229 avia-img-lazy-loading-not-3229 attachment-portfolio size-portfolio wp-post-image\" alt=\"\" \/><\/a><div class=\"slide-content\"><header class=\"entry-content-header\"><h3 class='slide-entry-title entry-title '  itemprop=\"headline\" ><a href='https:\/\/www.ameco.it\/en\/nuove-prove-in-appello\/' title='Nuove prove in appello'>Nuove prove in appello<\/a><\/h3><span class=\"av-vertical-delimiter\"><\/span><\/header><div class=\"slide-meta\"><time class='slide-meta-time updated'  itemprop=\"datePublished\" datetime=\"2017-05-08T14:57:09+02:00\" >8 May 2017<\/time><\/div><div class='slide-entry-excerpt entry-content'  itemprop=\"text\" >\r\n\r\n<div class=\"read-more-link\"><a href=\"https:\/\/www.ameco.it\/en\/nuove-prove-in-appello\/\" class=\"more-link\">Read more<span class=\"more-link-arrow\"><\/span><\/a><\/div><\/div><\/div><footer class=\"entry-footer\"><\/footer><span class='hidden'>\n\t\t\t\t<span class='av-structured-data'  itemprop=\"image\" itemscope=\"itemscope\" itemtype=\"https:\/\/schema.org\/ImageObject\" >\n\t\t\t\t\t\t<span itemprop='url'>https:\/\/www.ameco.it\/wp-content\/uploads\/2017\/05\/1-1.jpg<\/span>\n\t\t\t\t\t\t<span itemprop='height'>492<\/span>\n\t\t\t\t\t\t<span itemprop='width'>600<\/span>\n\t\t\t\t<\/span>\n\t\t\t\t<span class='av-structured-data'  itemprop=\"publisher\" itemtype=\"https:\/\/schema.org\/Organization\" itemscope=\"itemscope\" >\n\t\t\t\t\t\t<span itemprop='name'>Roberto Macan<\/span>\n\t\t\t\t\t\t<span itemprop='logo' itemscope itemtype='https:\/\/schema.org\/ImageObject'>\n\t\t\t\t\t\t\t<span itemprop='url'>\/wp-content\/uploads\/2016\/12\/ameco-logo-1.png<\/span>\n\t\t\t\t\t\t<\/span>\n\t\t\t\t<\/span><span class='av-structured-data'  itemprop=\"author\" itemscope=\"itemscope\" itemtype=\"https:\/\/schema.org\/Person\" ><span itemprop='name'>Roberto Macan<\/span><\/span><span class='av-structured-data'  itemprop=\"datePublished\" datetime=\"2017-02-17T09:23:43+01:00\" >2017-05-08 14:57:09<\/span><span class='av-structured-data'  itemprop=\"dateModified\" itemtype=\"https:\/\/schema.org\/dateModified\" >2017-08-24 16:01:32<\/span><span class='av-structured-data'  itemprop=\"mainEntityOfPage\" itemtype=\"https:\/\/schema.org\/mainEntityOfPage\" ><span itemprop='name'>Nuove prove in appello<\/span><\/span><\/span><\/article><article class='slide-entry flex_column  post-entry post-entry-4191 slide-entry-overview slide-loop-3 slide-parity-odd  av_one_third  real-thumbnail posttype-post post-format-standard'  itemscope=\"itemscope\" itemtype=\"https:\/\/schema.org\/CreativeWork\" ><a href='https:\/\/www.ameco.it\/en\/notifica-ai-sensi-dellart-143-c-p-c\/' data-rel='slide-1' class='slide-image' title='Notifica ai sensi dell\u2019art. 143 c.p.c.'><img decoding=\"async\" width=\"495\" height=\"400\" src=\"https:\/\/www.ameco.it\/wp-content\/uploads\/2017\/05\/3-495x400.png\" class=\"wp-image-3212 avia-img-lazy-loading-not-3212 attachment-portfolio size-portfolio wp-post-image\" alt=\"\" \/><\/a><div class=\"slide-content\"><header class=\"entry-content-header\"><h3 class='slide-entry-title entry-title '  itemprop=\"headline\" ><a href='https:\/\/www.ameco.it\/en\/notifica-ai-sensi-dellart-143-c-p-c\/' title='Notifica ai sensi dell\u2019art. 143 c.p.c.'>Notifica ai sensi dell\u2019art. 143 c.p.c.<\/a><\/h3><span class=\"av-vertical-delimiter\"><\/span><\/header><div class=\"slide-meta\"><time class='slide-meta-time updated'  itemprop=\"datePublished\" datetime=\"2017-05-05T16:52:58+02:00\" >5 May 2017<\/time><\/div><div class='slide-entry-excerpt entry-content'  itemprop=\"text\" >\r\n\r\n<div class=\"read-more-link\"><a href=\"https:\/\/www.ameco.it\/en\/notifica-ai-sensi-dellart-143-c-p-c\/\" class=\"more-link\">Read more<span class=\"more-link-arrow\"><\/span><\/a><\/div><\/div><\/div><footer class=\"entry-footer\"><\/footer><span class='hidden'>\n\t\t\t\t<span class='av-structured-data'  itemprop=\"image\" itemscope=\"itemscope\" itemtype=\"https:\/\/schema.org\/ImageObject\" >\n\t\t\t\t\t\t<span itemprop='url'>https:\/\/www.ameco.it\/wp-content\/uploads\/2017\/05\/3.png<\/span>\n\t\t\t\t\t\t<span itemprop='height'>492<\/span>\n\t\t\t\t\t\t<span itemprop='width'>600<\/span>\n\t\t\t\t<\/span>\n\t\t\t\t<span class='av-structured-data'  itemprop=\"publisher\" itemtype=\"https:\/\/schema.org\/Organization\" itemscope=\"itemscope\" >\n\t\t\t\t\t\t<span itemprop='name'>Roberto Macan<\/span>\n\t\t\t\t\t\t<span itemprop='logo' itemscope itemtype='https:\/\/schema.org\/ImageObject'>\n\t\t\t\t\t\t\t<span itemprop='url'>\/wp-content\/uploads\/2016\/12\/ameco-logo-1.png<\/span>\n\t\t\t\t\t\t<\/span>\n\t\t\t\t<\/span><span class='av-structured-data'  itemprop=\"author\" itemscope=\"itemscope\" itemtype=\"https:\/\/schema.org\/Person\" ><span itemprop='name'>Roberto Macan<\/span><\/span><span class='av-structured-data'  itemprop=\"datePublished\" datetime=\"2017-02-17T09:23:43+01:00\" >2017-05-05 16:52:58<\/span><span class='av-structured-data'  itemprop=\"dateModified\" itemtype=\"https:\/\/schema.org\/dateModified\" >2017-08-24 16:03:03<\/span><span class='av-structured-data'  itemprop=\"mainEntityOfPage\" itemtype=\"https:\/\/schema.org\/mainEntityOfPage\" ><span itemprop='name'>Notifica ai sensi dell\u2019art. 143 c.p.c.<\/span><\/span><\/span><\/article><\/div><div class=\"slide-entry-wrap\"><article class='slide-entry flex_column  post-entry post-entry-4192 slide-entry-overview slide-loop-4 slide-parity-odd  av_one_third first real-thumbnail posttype-post post-format-standard'  itemscope=\"itemscope\" itemtype=\"https:\/\/schema.org\/CreativeWork\" ><a href='https:\/\/www.ameco.it\/en\/lobbligo-di-mantenimento-dei-figli-permane-anche-dopo-la-maggiore-eta\/' data-rel='slide-1' class='slide-image' title='L\u2019obbligo di mantenimento dei figli permane anche dopo la maggiore et\u00e0'><img decoding=\"async\" width=\"495\" height=\"400\" src=\"https:\/\/www.ameco.it\/wp-content\/uploads\/2017\/05\/2-495x400.png\" class=\"wp-image-3208 avia-img-lazy-loading-not-3208 attachment-portfolio size-portfolio wp-post-image\" alt=\"\" \/><\/a><div class=\"slide-content\"><header class=\"entry-content-header\"><h3 class='slide-entry-title entry-title '  itemprop=\"headline\" ><a href='https:\/\/www.ameco.it\/en\/lobbligo-di-mantenimento-dei-figli-permane-anche-dopo-la-maggiore-eta\/' title='L\u2019obbligo di mantenimento dei figli permane anche dopo la maggiore et\u00e0'>L\u2019obbligo di mantenimento dei figli permane anche dopo la maggiore et\u00e0<\/a><\/h3><span class=\"av-vertical-delimiter\"><\/span><\/header><div class=\"slide-meta\"><time class='slide-meta-time updated'  itemprop=\"datePublished\" datetime=\"2017-05-05T10:41:56+02:00\" >5 May 2017<\/time><\/div><div class='slide-entry-excerpt entry-content'  itemprop=\"text\" >\r\n\r\n<div class=\"read-more-link\"><a href=\"https:\/\/www.ameco.it\/en\/lobbligo-di-mantenimento-dei-figli-permane-anche-dopo-la-maggiore-eta\/\" class=\"more-link\">Read more<span class=\"more-link-arrow\"><\/span><\/a><\/div><\/div><\/div><footer class=\"entry-footer\"><\/footer><span class='hidden'>\n\t\t\t\t<span class='av-structured-data'  itemprop=\"image\" itemscope=\"itemscope\" itemtype=\"https:\/\/schema.org\/ImageObject\" >\n\t\t\t\t\t\t<span itemprop='url'>https:\/\/www.ameco.it\/wp-content\/uploads\/2017\/05\/2.png<\/span>\n\t\t\t\t\t\t<span itemprop='height'>492<\/span>\n\t\t\t\t\t\t<span itemprop='width'>600<\/span>\n\t\t\t\t<\/span>\n\t\t\t\t<span class='av-structured-data'  itemprop=\"publisher\" itemtype=\"https:\/\/schema.org\/Organization\" itemscope=\"itemscope\" >\n\t\t\t\t\t\t<span itemprop='name'>Roberto Macan<\/span>\n\t\t\t\t\t\t<span itemprop='logo' itemscope itemtype='https:\/\/schema.org\/ImageObject'>\n\t\t\t\t\t\t\t<span itemprop='url'>\/wp-content\/uploads\/2016\/12\/ameco-logo-1.png<\/span>\n\t\t\t\t\t\t<\/span>\n\t\t\t\t<\/span><span class='av-structured-data'  itemprop=\"author\" itemscope=\"itemscope\" itemtype=\"https:\/\/schema.org\/Person\" ><span itemprop='name'>Roberto Macan<\/span><\/span><span class='av-structured-data'  itemprop=\"datePublished\" datetime=\"2017-02-17T09:23:43+01:00\" >2017-05-05 10:41:56<\/span><span class='av-structured-data'  itemprop=\"dateModified\" itemtype=\"https:\/\/schema.org\/dateModified\" >2017-08-24 16:04:07<\/span><span class='av-structured-data'  itemprop=\"mainEntityOfPage\" itemtype=\"https:\/\/schema.org\/mainEntityOfPage\" ><span itemprop='name'>L\u2019obbligo di mantenimento dei figli permane anche dopo la maggiore et\u00e0<\/span><\/span><\/span><\/article><article class='slide-entry flex_column  post-entry post-entry-4193 slide-entry-overview slide-loop-5 slide-parity-even  av_one_third  real-thumbnail posttype-post post-format-standard'  itemscope=\"itemscope\" itemtype=\"https:\/\/schema.org\/CreativeWork\" ><a href='https:\/\/www.ameco.it\/en\/se-la-segnaletica-stradale-e-illeggibile-il-comune-non-ne-risponde\/' data-rel='slide-1' class='slide-image' title='Se la segnaletica stradale \u00e8 illeggibile\u2026 il comune non ne risponde!'><img decoding=\"async\" width=\"495\" height=\"400\" src=\"https:\/\/www.ameco.it\/wp-content\/uploads\/2017\/05\/1-495x400.png\" class=\"wp-image-3203 avia-img-lazy-loading-not-3203 attachment-portfolio size-portfolio wp-post-image\" alt=\"\" \/><\/a><div class=\"slide-content\"><header class=\"entry-content-header\"><h3 class='slide-entry-title entry-title '  itemprop=\"headline\" ><a href='https:\/\/www.ameco.it\/en\/se-la-segnaletica-stradale-e-illeggibile-il-comune-non-ne-risponde\/' title='Se la segnaletica stradale \u00e8 illeggibile\u2026 il comune non ne risponde!'>Se la segnaletica stradale \u00e8 illeggibile\u2026 il comune non ne risponde!<\/a><\/h3><span class=\"av-vertical-delimiter\"><\/span><\/header><div class=\"slide-meta\"><time class='slide-meta-time updated'  itemprop=\"datePublished\" datetime=\"2017-05-05T10:39:14+02:00\" >5 May 2017<\/time><\/div><div class='slide-entry-excerpt entry-content'  itemprop=\"text\" >\r\n\r\n<div class=\"read-more-link\"><a href=\"https:\/\/www.ameco.it\/en\/se-la-segnaletica-stradale-e-illeggibile-il-comune-non-ne-risponde\/\" class=\"more-link\">Read more<span class=\"more-link-arrow\"><\/span><\/a><\/div><\/div><\/div><footer class=\"entry-footer\"><\/footer><span class='hidden'>\n\t\t\t\t<span class='av-structured-data'  itemprop=\"image\" itemscope=\"itemscope\" itemtype=\"https:\/\/schema.org\/ImageObject\" >\n\t\t\t\t\t\t<span itemprop='url'>https:\/\/www.ameco.it\/wp-content\/uploads\/2017\/05\/1.png<\/span>\n\t\t\t\t\t\t<span itemprop='height'>492<\/span>\n\t\t\t\t\t\t<span itemprop='width'>600<\/span>\n\t\t\t\t<\/span>\n\t\t\t\t<span class='av-structured-data'  itemprop=\"publisher\" itemtype=\"https:\/\/schema.org\/Organization\" itemscope=\"itemscope\" >\n\t\t\t\t\t\t<span itemprop='name'>Roberto Macan<\/span>\n\t\t\t\t\t\t<span itemprop='logo' itemscope itemtype='https:\/\/schema.org\/ImageObject'>\n\t\t\t\t\t\t\t<span itemprop='url'>\/wp-content\/uploads\/2016\/12\/ameco-logo-1.png<\/span>\n\t\t\t\t\t\t<\/span>\n\t\t\t\t<\/span><span class='av-structured-data'  itemprop=\"author\" itemscope=\"itemscope\" itemtype=\"https:\/\/schema.org\/Person\" ><span itemprop='name'>Roberto Macan<\/span><\/span><span class='av-structured-data'  itemprop=\"datePublished\" datetime=\"2017-02-17T09:23:43+01:00\" >2017-05-05 10:39:14<\/span><span class='av-structured-data'  itemprop=\"dateModified\" itemtype=\"https:\/\/schema.org\/dateModified\" >2017-08-24 16:05:05<\/span><span class='av-structured-data'  itemprop=\"mainEntityOfPage\" itemtype=\"https:\/\/schema.org\/mainEntityOfPage\" ><span itemprop='name'>Se la segnaletica stradale \u00e8 illeggibile\u2026 il comune non ne risponde!<\/span><\/span><\/span><\/article><article class='slide-entry flex_column  post-entry post-entry-4202 slide-entry-overview slide-loop-6 slide-parity-odd  post-entry-last  av_one_third  real-thumbnail posttype-post post-format-standard'  itemscope=\"itemscope\" itemtype=\"https:\/\/schema.org\/CreativeWork\" ><a href='https:\/\/www.ameco.it\/en\/lonere-della-prova-del-danno-da-gravidanza-indesiderata-e-a-carico-della-gestante\/' data-rel='slide-1' class='slide-image' title='L\u2019onere della prova del danno da gravidanza indesiderata \u00e8 a carico della gestante'><img decoding=\"async\" width=\"495\" height=\"400\" src=\"https:\/\/www.ameco.it\/wp-content\/uploads\/2017\/05\/9-495x400.png\" class=\"wp-image-3132 avia-img-lazy-loading-not-3132 attachment-portfolio size-portfolio wp-post-image\" alt=\"\" \/><\/a><div class=\"slide-content\"><header class=\"entry-content-header\"><h3 class='slide-entry-title entry-title '  itemprop=\"headline\" ><a href='https:\/\/www.ameco.it\/en\/lonere-della-prova-del-danno-da-gravidanza-indesiderata-e-a-carico-della-gestante\/' title='L\u2019onere della prova del danno da gravidanza indesiderata \u00e8 a carico della gestante'>L\u2019onere della prova del danno da gravidanza indesiderata \u00e8 a carico della gestante<\/a><\/h3><span class=\"av-vertical-delimiter\"><\/span><\/header><div class=\"slide-meta\"><time class='slide-meta-time updated'  itemprop=\"datePublished\" datetime=\"2017-05-04T09:43:47+02:00\" >4 May 2017<\/time><\/div><div class='slide-entry-excerpt entry-content'  itemprop=\"text\" >\r\n\r\n<div class=\"read-more-link\"><a href=\"https:\/\/www.ameco.it\/en\/lonere-della-prova-del-danno-da-gravidanza-indesiderata-e-a-carico-della-gestante\/\" class=\"more-link\">Read more<span class=\"more-link-arrow\"><\/span><\/a><\/div><\/div><\/div><footer class=\"entry-footer\"><\/footer><span class='hidden'>\n\t\t\t\t<span class='av-structured-data'  itemprop=\"image\" itemscope=\"itemscope\" itemtype=\"https:\/\/schema.org\/ImageObject\" >\n\t\t\t\t\t\t<span itemprop='url'>https:\/\/www.ameco.it\/wp-content\/uploads\/2017\/05\/9.png<\/span>\n\t\t\t\t\t\t<span itemprop='height'>492<\/span>\n\t\t\t\t\t\t<span itemprop='width'>600<\/span>\n\t\t\t\t<\/span>\n\t\t\t\t<span class='av-structured-data'  itemprop=\"publisher\" itemtype=\"https:\/\/schema.org\/Organization\" itemscope=\"itemscope\" >\n\t\t\t\t\t\t<span itemprop='name'>Roberto Macan<\/span>\n\t\t\t\t\t\t<span itemprop='logo' itemscope itemtype='https:\/\/schema.org\/ImageObject'>\n\t\t\t\t\t\t\t<span itemprop='url'>\/wp-content\/uploads\/2016\/12\/ameco-logo-1.png<\/span>\n\t\t\t\t\t\t<\/span>\n\t\t\t\t<\/span><span class='av-structured-data'  itemprop=\"author\" itemscope=\"itemscope\" itemtype=\"https:\/\/schema.org\/Person\" ><span itemprop='name'>Roberto Macan<\/span><\/span><span class='av-structured-data'  itemprop=\"datePublished\" datetime=\"2017-02-17T09:23:43+01:00\" >2017-05-04 09:43:47<\/span><span class='av-structured-data'  itemprop=\"dateModified\" itemtype=\"https:\/\/schema.org\/dateModified\" >2017-08-24 16:19:07<\/span><span class='av-structured-data'  itemprop=\"mainEntityOfPage\" itemtype=\"https:\/\/schema.org\/mainEntityOfPage\" ><span itemprop='name'>L\u2019onere della prova del danno da gravidanza indesiderata \u00e8 a carico della gestante<\/span><\/span><\/span><\/article><\/div><\/div><div class='pagination-wrap pagination-slider'><nav class='pagination'><span class='pagination-meta'>Page 1 of 3<\/span><span class='current'>1<\/span><a href='https:\/\/www.ameco.it\/en\/wp-json\/wp\/v2\/pages\/4305\/?avia-element-paging=2' class='inactive next_page' >2<\/a><a href='https:\/\/www.ameco.it\/en\/wp-json\/wp\/v2\/pages\/4305\/?avia-element-paging=3' class='inactive' >3<\/a><\/nav>\n<\/div><\/div><\/p>\n","protected":false},"excerpt":{"rendered":"","protected":false},"author":1,"featured_media":0,"parent":0,"menu_order":0,"comment_status":"closed","ping_status":"closed","template":"","meta":{"footnotes":""},"class_list":["post-4305","page","type-page","status-publish","hentry"],"_links":{"self":[{"href":"https:\/\/www.ameco.it\/en\/wp-json\/wp\/v2\/pages\/4305","targetHints":{"allow":["GET"]}}],"collection":[{"href":"https:\/\/www.ameco.it\/en\/wp-json\/wp\/v2\/pages"}],"about":[{"href":"https:\/\/www.ameco.it\/en\/wp-json\/wp\/v2\/types\/page"}],"author":[{"embeddable":true,"href":"https:\/\/www.ameco.it\/en\/wp-json\/wp\/v2\/users\/1"}],"replies":[{"embeddable":true,"href":"https:\/\/www.ameco.it\/en\/wp-json\/wp\/v2\/comments?post=4305"}],"version-history":[{"count":2,"href":"https:\/\/www.ameco.it\/en\/wp-json\/wp\/v2\/pages\/4305\/revisions"}],"predecessor-version":[{"id":4876,"href":"https:\/\/www.ameco.it\/en\/wp-json\/wp\/v2\/pages\/4305\/revisions\/4876"}],"wp:attachment":[{"href":"https:\/\/www.ameco.it\/en\/wp-json\/wp\/v2\/media?parent=4305"}],"curies":[{"name":"wp","href":"https:\/\/api.w.org\/{rel}","templated":true}]}}