{"id":4297,"date":"2017-04-21T10:04:37","date_gmt":"2017-04-21T08:04:37","guid":{"rendered":"http:\/\/www.ameco.it\/non-e-punibile-la-moglie-che-insulta-il-marito-in-giudizio-cassaz-n-186472017\/"},"modified":"2017-04-21T10:04:37","modified_gmt":"2017-04-21T08:04:37","slug":"non-e-punibile-la-moglie-che-insulta-il-marito-in-giudizio-cassaz-n-186472017","status":"publish","type":"page","link":"https:\/\/www.ameco.it\/en\/non-e-punibile-la-moglie-che-insulta-il-marito-in-giudizio-cassaz-n-186472017\/","title":{"rendered":"Non \u00e8 punibile la moglie che insulta il marito in giudizio \u2013 Cassaz. n. 18647\/2017"},"content":{"rendered":"\n<style type=\"text\/css\" data-created_by=\"avia_inline_auto\" id=\"style-css-av-av_heading-a5dbbac8660be5ce643cb5c420d869f2\">\n#top .av-special-heading.av-av_heading-a5dbbac8660be5ce643cb5c420d869f2{\npadding-bottom:20px;\nfont-size:34px;\n}\nbody .av-special-heading.av-av_heading-a5dbbac8660be5ce643cb5c420d869f2 .av-special-heading-tag .heading-char{\nfont-size:25px;\n}\n#top #wrap_all .av-special-heading.av-av_heading-a5dbbac8660be5ce643cb5c420d869f2 .av-special-heading-tag{\nfont-size:34px;\n}\n.av-special-heading.av-av_heading-a5dbbac8660be5ce643cb5c420d869f2 .av-subheading{\nfont-size:15px;\n}\n\n@media only screen and (min-width: 480px) and (max-width: 767px){ \n#top #wrap_all .av-special-heading.av-av_heading-a5dbbac8660be5ce643cb5c420d869f2 .av-special-heading-tag{\nfont-size:0.8em;\n}\n}\n\n@media only screen and (max-width: 479px){ \n#top #wrap_all .av-special-heading.av-av_heading-a5dbbac8660be5ce643cb5c420d869f2 .av-special-heading-tag{\nfont-size:0.8em;\n}\n}\n<\/style>\n<div  class='av-special-heading av-av_heading-a5dbbac8660be5ce643cb5c420d869f2 av-special-heading-h1 blockquote modern-quote  avia-builder-el-0  el_before_av_textblock  avia-builder-el-first  av-inherit-size'><h1 class='av-special-heading-tag'  itemprop=\"headline\"  >Non \u00e8 punibile la moglie che insulta il marito in giudizio \u2013 Cassaz. n. 18647\/2017<\/h1><div class=\"special-heading-border\"><div class=\"special-heading-inner-border\"><\/div><\/div><\/div>\n<section  class='av_textblock_section av-av_textblock-0366cc7376be6c9e82a3e9cc8987b64f '   itemscope=\"itemscope\" itemtype=\"https:\/\/schema.org\/CreativeWork\" ><div class='avia_textblock'  itemprop=\"text\" ><p>Con la\u00a0sentenza numero 18647\/2017\u00a0la\u00a0Corte di cassazione\u00a0si \u00e8 pronunciata su una vicenda che vedeva una donna imputata per le parole pronunciate nei confronti del marito in sede di consulenza tecnica di ufficio volta ad accertare la capacit\u00e0 genitoriale dell&#8217;uomo, riformando la condanna per\u00a0<a href=\"http:\/\/www.studiocataldi.it\/guide-diritto-penale\/diffamazione.asp\">diffamazione<\/a>\u00a0inflitta dal giudice dell&#8217;appello.<\/p>\n<p>Ponendosi in contrasto con quanto ritenuto in secondo grado, infatti, i giudici di legittimit\u00e0, hanno ritenuto\u00a0operante nel caso di specie l&#8217;esimente di cui all&#8217;articolo 598 c.p.\u00a0che sancisce la non punibilit\u00e0 delle offese contenute in scritti e discorsi pronunciati dinanzi alle autorit\u00e0 giudiziarie o amministrative.<\/p>\n<p>Ai fini dell\u2019operativit\u00e0 dell&#8217;art. 598 c.p. \u00e8\u00a0sufficiente che tra l&#8217;espressione utilizzata e il tema del procedimento vi sia un collegamento logico-causale, potendosi prescindere da un collegamento obbligato. Il contenuto della norma, in altre parole, va &#8220;<em>rapportato alla tesi dialettica, e non alla realt\u00e0 storica, alla luce della quale valutare la stretta relazione delle frasi utilizzate<\/em>&#8220;.<\/p>\n<p>Ci\u00f2 vuol dire che il giudice penale, nel valutare l&#8217;applicabilit\u00e0 di tale esimente, deve\u00a0verificare solo che gli argomenti addotti dall&#8217;imputato siano logicamente congruenti con la <em>causa petendi<\/em><em>,<\/em> mentre a nulla rileva n\u00e9 la loro idoneit\u00e0 a conseguire <em>il petitum<\/em>, n\u00e9 la loro necessit\u00e0. Peraltro non assume alcuna rilevanza neanche il requisito della verit\u00e0 delle affermazioni, poich\u00e9 non opera l&#8217;esimente dell&#8217;esercizio del diritto della\u00a0<a href=\"http:\/\/www.studiocataldi.it\/guide-diritto-penale\/diffamazione.asp\">diffamazione<\/a>\u00a0a mezzo stampa, secondo la quale anche l&#8217;opinione critica deve avere un fondamento di verit\u00e0.<\/p>\n<p>La Corte d&#8217;appello \u00e8 quindi chiamata a un nuovo esame.<\/p>\n<\/div><\/section>\n","protected":false},"excerpt":{"rendered":"","protected":false},"author":2,"featured_media":0,"parent":0,"menu_order":0,"comment_status":"closed","ping_status":"closed","template":"","meta":{"footnotes":""},"class_list":["post-4297","page","type-page","status-publish","hentry"],"_links":{"self":[{"href":"https:\/\/www.ameco.it\/en\/wp-json\/wp\/v2\/pages\/4297","targetHints":{"allow":["GET"]}}],"collection":[{"href":"https:\/\/www.ameco.it\/en\/wp-json\/wp\/v2\/pages"}],"about":[{"href":"https:\/\/www.ameco.it\/en\/wp-json\/wp\/v2\/types\/page"}],"author":[{"embeddable":true,"href":"https:\/\/www.ameco.it\/en\/wp-json\/wp\/v2\/users\/2"}],"replies":[{"embeddable":true,"href":"https:\/\/www.ameco.it\/en\/wp-json\/wp\/v2\/comments?post=4297"}],"version-history":[{"count":1,"href":"https:\/\/www.ameco.it\/en\/wp-json\/wp\/v2\/pages\/4297\/revisions"}],"predecessor-version":[{"id":4505,"href":"https:\/\/www.ameco.it\/en\/wp-json\/wp\/v2\/pages\/4297\/revisions\/4505"}],"wp:attachment":[{"href":"https:\/\/www.ameco.it\/en\/wp-json\/wp\/v2\/media?parent=4297"}],"curies":[{"name":"wp","href":"https:\/\/api.w.org\/{rel}","templated":true}]}}