{"id":4294,"date":"2017-05-05T09:20:41","date_gmt":"2017-05-05T07:20:41","guid":{"rendered":"http:\/\/www.ameco.it\/news-diritto-amministrativo\/"},"modified":"2017-08-24T15:41:28","modified_gmt":"2017-08-24T13:41:28","slug":"news-diritto-amministrativo","status":"publish","type":"page","link":"https:\/\/www.ameco.it\/en\/news-diritto-amministrativo\/","title":{"rendered":"Administrative Law"},"content":{"rendered":"<div id='av-layout-grid-1'  class='av-layout-grid-container av-av_layout_row-caf1f26e08707a2ebe9176b630e736c2 entry-content-wrapper main_color av-flex-cells  avia-builder-el-0  el_before_av_blog  avia-builder-el-first   container_wrap sidebar_right'  >\n\n<style type=\"text\/css\" data-created_by=\"avia_inline_auto\" id=\"style-css-av-av_cell_one_half-c6e3070d7851fd748b5f1b96854fae41\">\n.flex_cell.av-av_cell_one_half-c6e3070d7851fd748b5f1b96854fae41{\nvertical-align:top;\nbackground:url(https:\/\/www.ameco.it\/wp-content\/uploads\/2016\/07\/news.jpg) 50% 50% no-repeat scroll ;\n}\n<\/style>\n<div class='flex_cell av-av_cell_one_half-c6e3070d7851fd748b5f1b96854fae41 av-gridrow-cell av_one_half no_margin  avia-builder-el-1  el_before_av_cell_one_half  avia-builder-el-first ' ><div class='flex_cell_inner'><\/div><\/div>\n<style type=\"text\/css\" data-created_by=\"avia_inline_auto\" id=\"style-css-av-av_cell_one_half-348bb5fd7153edeb4f8d08c4a93b85a2\">\n.flex_cell.av-av_cell_one_half-348bb5fd7153edeb4f8d08c4a93b85a2{\nvertical-align:top;\nbackground-color:#202864;\n}\n.responsive #top #wrap_all .flex_cell.av-av_cell_one_half-348bb5fd7153edeb4f8d08c4a93b85a2{\npadding:50px 50px 250px 50px !important;\n}\n<\/style>\n<div class='flex_cell av-av_cell_one_half-348bb5fd7153edeb4f8d08c4a93b85a2 av-gridrow-cell av_one_half no_margin  avia-builder-el-2  el_after_av_cell_one_half  avia-builder-el-last ' ><div class='flex_cell_inner'>\n<style type=\"text\/css\" data-created_by=\"avia_inline_auto\" id=\"style-css-av-av_heading-85baed75eb813b4f2d6fa092cc07bae0\">\n#top .av-special-heading.av-av_heading-85baed75eb813b4f2d6fa092cc07bae0{\npadding-bottom:25px;\ncolor:#ffffff;\n}\nbody .av-special-heading.av-av_heading-85baed75eb813b4f2d6fa092cc07bae0 .av-special-heading-tag .heading-char{\nfont-size:25px;\n}\n.av-special-heading.av-av_heading-85baed75eb813b4f2d6fa092cc07bae0 .special-heading-inner-border{\nborder-color:#ffffff;\n}\n.av-special-heading.av-av_heading-85baed75eb813b4f2d6fa092cc07bae0 .av-subheading{\nfont-size:15px;\n}\n<\/style>\n<div  class='av-special-heading av-av_heading-85baed75eb813b4f2d6fa092cc07bae0 av-special-heading-h1 custom-color-heading blockquote modern-quote  avia-builder-el-3  avia-builder-el-no-sibling '><h1 class='av-special-heading-tag'  itemprop=\"headline\"  >News &#8211; Administrative Law<\/h1><div class=\"special-heading-border\"><div class=\"special-heading-inner-border\"><\/div><\/div><\/div>\n<\/div><\/div><\/div><div id='after_grid_row_1'  class='main_color av_default_container_wrap container_wrap sidebar_right'  ><div class='container av-section-cont-open' ><div class='template-page content  av-content-small alpha units'><div class='post-entry post-entry-type-page post-entry-4294'><div class='entry-content-wrapper clearfix'><div  data-slideshow-options=\"{&quot;animation&quot;:&quot;fade&quot;,&quot;autoplay&quot;:false,&quot;loop_autoplay&quot;:&quot;once&quot;,&quot;interval&quot;:5,&quot;loop_manual&quot;:&quot;manual-endless&quot;,&quot;autoplay_stopper&quot;:false,&quot;noNavigation&quot;:false,&quot;show_slide_delay&quot;:90}\" class='avia-content-slider avia-content-grid-active avia-content-slider1 avia-content-slider-odd  avia-builder-el-4  el_after_av_layout_row  avia-builder-el-no-sibling  av-slideshow-ui av-control-default   av-no-slider-navigation av-slideshow-manual av-loop-once av-loop-manual-endless '  itemscope=\"itemscope\" itemtype=\"https:\/\/schema.org\/Blog\" ><div class=\"avia-content-slider-inner\"><div class=\"slide-entry-wrap\"><article class='slide-entry flex_column  post-entry post-entry-4165 slide-entry-overview slide-loop-1 slide-parity-odd  av_one_third first real-thumbnail posttype-post post-format-standard'  itemscope=\"itemscope\" itemtype=\"https:\/\/schema.org\/CreativeWork\" ><a href='https:\/\/www.ameco.it\/en\/la-condanna-della-p-a-al-rilascio-del-permesso-di-costruire\/' data-rel='slide-1' class='slide-image' title='La condanna della P.A. al rilascio del permesso di costruire'><img decoding=\"async\" width=\"495\" height=\"400\" src=\"https:\/\/www.ameco.it\/wp-content\/uploads\/2017\/06\/1-495x400.jpg\" class=\"wp-image-4013 avia-img-lazy-loading-not-4013 attachment-portfolio size-portfolio wp-post-image\" alt=\"\" \/><\/a><div class=\"slide-content\"><header class=\"entry-content-header\"><h3 class='slide-entry-title entry-title '  itemprop=\"headline\" ><a href='https:\/\/www.ameco.it\/en\/la-condanna-della-p-a-al-rilascio-del-permesso-di-costruire\/' title='La condanna della P.A. al rilascio del permesso di costruire'>La condanna della P.A. al rilascio del permesso di costruire<\/a><\/h3><span class=\"av-vertical-delimiter\"><\/span><\/header><div class=\"slide-meta\"><time class='slide-meta-time updated'  itemprop=\"datePublished\" datetime=\"2017-06-22T09:05:24+02:00\" >22 June 2017<\/time><\/div><div class='slide-entry-excerpt entry-content'  itemprop=\"text\" >\r\n\r\n<div class=\"read-more-link\"><a href=\"https:\/\/www.ameco.it\/en\/la-condanna-della-p-a-al-rilascio-del-permesso-di-costruire\/\" class=\"more-link\">Read more<span class=\"more-link-arrow\"><\/span><\/a><\/div><\/div><\/div><footer class=\"entry-footer\"><\/footer><span class='hidden'>\n\t\t\t\t<span class='av-structured-data'  itemprop=\"image\" itemscope=\"itemscope\" itemtype=\"https:\/\/schema.org\/ImageObject\" >\n\t\t\t\t\t\t<span itemprop='url'>https:\/\/www.ameco.it\/wp-content\/uploads\/2017\/06\/1.jpg<\/span>\n\t\t\t\t\t\t<span itemprop='height'>492<\/span>\n\t\t\t\t\t\t<span itemprop='width'>600<\/span>\n\t\t\t\t<\/span>\n\t\t\t\t<span class='av-structured-data'  itemprop=\"publisher\" itemtype=\"https:\/\/schema.org\/Organization\" itemscope=\"itemscope\" >\n\t\t\t\t\t\t<span itemprop='name'>Roberto Macan<\/span>\n\t\t\t\t\t\t<span itemprop='logo' itemscope itemtype='https:\/\/schema.org\/ImageObject'>\n\t\t\t\t\t\t\t<span itemprop='url'>\/wp-content\/uploads\/2016\/12\/ameco-logo-1.png<\/span>\n\t\t\t\t\t\t<\/span>\n\t\t\t\t<\/span><span class='av-structured-data'  itemprop=\"author\" itemscope=\"itemscope\" itemtype=\"https:\/\/schema.org\/Person\" ><span itemprop='name'>Roberto Macan<\/span><\/span><span class='av-structured-data'  itemprop=\"datePublished\" datetime=\"2017-05-05T09:20:41+02:00\" >2017-06-22 09:05:24<\/span><span class='av-structured-data'  itemprop=\"dateModified\" itemtype=\"https:\/\/schema.org\/dateModified\" >2017-08-24 15:47:40<\/span><span class='av-structured-data'  itemprop=\"mainEntityOfPage\" itemtype=\"https:\/\/schema.org\/mainEntityOfPage\" ><span itemprop='name'>La condanna della P.A. al rilascio del permesso di costruire<\/span><\/span><\/span><\/article><article class='slide-entry flex_column  post-entry post-entry-4172 slide-entry-overview slide-loop-2 slide-parity-even  av_one_third  real-thumbnail posttype-post post-format-standard'  itemscope=\"itemscope\" itemtype=\"https:\/\/schema.org\/CreativeWork\" ><a href='https:\/\/www.ameco.it\/en\/illegittimo-il-divieto-di-accesso-al-cane-nel-parco-per-la-presenza-di-escrementi\/' data-rel='slide-1' class='slide-image' title='Illegittimo il divieto di accesso al cane nel parco per la presenza di escrementi'><img decoding=\"async\" width=\"495\" height=\"400\" src=\"https:\/\/www.ameco.it\/wp-content\/uploads\/2017\/05\/1-6-495x400.jpg\" class=\"wp-image-3445 avia-img-lazy-loading-not-3445 attachment-portfolio size-portfolio wp-post-image\" alt=\"\" \/><\/a><div class=\"slide-content\"><header class=\"entry-content-header\"><h3 class='slide-entry-title entry-title '  itemprop=\"headline\" ><a href='https:\/\/www.ameco.it\/en\/illegittimo-il-divieto-di-accesso-al-cane-nel-parco-per-la-presenza-di-escrementi\/' title='Illegittimo il divieto di accesso al cane nel parco per la presenza di escrementi'>Illegittimo il divieto di accesso al cane nel parco per la presenza di escrementi<\/a><\/h3><span class=\"av-vertical-delimiter\"><\/span><\/header><div class=\"slide-meta\"><time class='slide-meta-time updated'  itemprop=\"datePublished\" datetime=\"2017-05-24T09:58:27+02:00\" >24 May 2017<\/time><\/div><div class='slide-entry-excerpt entry-content'  itemprop=\"text\" >\r\n\r\n<div class=\"read-more-link\"><a href=\"https:\/\/www.ameco.it\/en\/illegittimo-il-divieto-di-accesso-al-cane-nel-parco-per-la-presenza-di-escrementi\/\" class=\"more-link\">Read more<span class=\"more-link-arrow\"><\/span><\/a><\/div><\/div><\/div><footer class=\"entry-footer\"><\/footer><span class='hidden'>\n\t\t\t\t<span class='av-structured-data'  itemprop=\"image\" itemscope=\"itemscope\" itemtype=\"https:\/\/schema.org\/ImageObject\" >\n\t\t\t\t\t\t<span itemprop='url'>https:\/\/www.ameco.it\/wp-content\/uploads\/2017\/05\/1-6.jpg<\/span>\n\t\t\t\t\t\t<span itemprop='height'>492<\/span>\n\t\t\t\t\t\t<span itemprop='width'>600<\/span>\n\t\t\t\t<\/span>\n\t\t\t\t<span class='av-structured-data'  itemprop=\"publisher\" itemtype=\"https:\/\/schema.org\/Organization\" itemscope=\"itemscope\" >\n\t\t\t\t\t\t<span itemprop='name'>Roberto Macan<\/span>\n\t\t\t\t\t\t<span itemprop='logo' itemscope itemtype='https:\/\/schema.org\/ImageObject'>\n\t\t\t\t\t\t\t<span itemprop='url'>\/wp-content\/uploads\/2016\/12\/ameco-logo-1.png<\/span>\n\t\t\t\t\t\t<\/span>\n\t\t\t\t<\/span><span class='av-structured-data'  itemprop=\"author\" itemscope=\"itemscope\" itemtype=\"https:\/\/schema.org\/Person\" ><span itemprop='name'>Roberto Macan<\/span><\/span><span class='av-structured-data'  itemprop=\"datePublished\" datetime=\"2017-05-05T09:20:41+02:00\" >2017-05-24 09:58:27<\/span><span class='av-structured-data'  itemprop=\"dateModified\" itemtype=\"https:\/\/schema.org\/dateModified\" >2017-08-24 15:50:16<\/span><span class='av-structured-data'  itemprop=\"mainEntityOfPage\" itemtype=\"https:\/\/schema.org\/mainEntityOfPage\" ><span itemprop='name'>Illegittimo il divieto di accesso al cane nel parco per la presenza di escrementi<\/span><\/span><\/span><\/article><article class='slide-entry flex_column  post-entry post-entry-4174 slide-entry-overview slide-loop-3 slide-parity-odd  av_one_third  real-thumbnail posttype-post post-format-standard'  itemscope=\"itemscope\" itemtype=\"https:\/\/schema.org\/CreativeWork\" ><a href='https:\/\/www.ameco.it\/en\/occupazione-di-un-fondo-rimozione-del-manufatto-illegittimamente-realizzato-e-risarcimento-danni\/' data-rel='slide-1' class='slide-image' title='Occupazione di un fondo, rimozione del manufatto illegittimamente realizzato e risarcimento danni'><img decoding=\"async\" width=\"495\" height=\"400\" src=\"https:\/\/www.ameco.it\/wp-content\/uploads\/2017\/05\/2-4-495x400.jpg\" class=\"wp-image-3432 avia-img-lazy-loading-not-3432 attachment-portfolio size-portfolio wp-post-image\" alt=\"\" \/><\/a><div class=\"slide-content\"><header class=\"entry-content-header\"><h3 class='slide-entry-title entry-title '  itemprop=\"headline\" ><a href='https:\/\/www.ameco.it\/en\/occupazione-di-un-fondo-rimozione-del-manufatto-illegittimamente-realizzato-e-risarcimento-danni\/' title='Occupazione di un fondo, rimozione del manufatto illegittimamente realizzato e risarcimento danni'>Occupazione di un fondo, rimozione del manufatto illegittimamente realizzato e risarcimento danni<\/a><\/h3><span class=\"av-vertical-delimiter\"><\/span><\/header><div class=\"slide-meta\"><time class='slide-meta-time updated'  itemprop=\"datePublished\" datetime=\"2017-05-19T18:10:30+02:00\" >19 May 2017<\/time><\/div><div class='slide-entry-excerpt entry-content'  itemprop=\"text\" >\r\n\r\n<div class=\"read-more-link\"><a href=\"https:\/\/www.ameco.it\/en\/occupazione-di-un-fondo-rimozione-del-manufatto-illegittimamente-realizzato-e-risarcimento-danni\/\" class=\"more-link\">Read more<span class=\"more-link-arrow\"><\/span><\/a><\/div><\/div><\/div><footer class=\"entry-footer\"><\/footer><span class='hidden'>\n\t\t\t\t<span class='av-structured-data'  itemprop=\"image\" itemscope=\"itemscope\" itemtype=\"https:\/\/schema.org\/ImageObject\" >\n\t\t\t\t\t\t<span itemprop='url'>https:\/\/www.ameco.it\/wp-content\/uploads\/2017\/05\/2-4.jpg<\/span>\n\t\t\t\t\t\t<span itemprop='height'>492<\/span>\n\t\t\t\t\t\t<span itemprop='width'>600<\/span>\n\t\t\t\t<\/span>\n\t\t\t\t<span class='av-structured-data'  itemprop=\"publisher\" itemtype=\"https:\/\/schema.org\/Organization\" itemscope=\"itemscope\" >\n\t\t\t\t\t\t<span itemprop='name'>Roberto Macan<\/span>\n\t\t\t\t\t\t<span itemprop='logo' itemscope itemtype='https:\/\/schema.org\/ImageObject'>\n\t\t\t\t\t\t\t<span itemprop='url'>\/wp-content\/uploads\/2016\/12\/ameco-logo-1.png<\/span>\n\t\t\t\t\t\t<\/span>\n\t\t\t\t<\/span><span class='av-structured-data'  itemprop=\"author\" itemscope=\"itemscope\" itemtype=\"https:\/\/schema.org\/Person\" ><span itemprop='name'>Roberto Macan<\/span><\/span><span class='av-structured-data'  itemprop=\"datePublished\" datetime=\"2017-05-05T09:20:41+02:00\" >2017-05-19 18:10:30<\/span><span class='av-structured-data'  itemprop=\"dateModified\" itemtype=\"https:\/\/schema.org\/dateModified\" >2017-08-24 15:51:24<\/span><span class='av-structured-data'  itemprop=\"mainEntityOfPage\" itemtype=\"https:\/\/schema.org\/mainEntityOfPage\" ><span itemprop='name'>Occupazione di un fondo, rimozione del manufatto illegittimamente realizzato e risarcimento danni<\/span><\/span><\/span><\/article><\/div><div class=\"slide-entry-wrap\"><article class='slide-entry flex_column  post-entry post-entry-4180 slide-entry-overview slide-loop-4 slide-parity-odd  av_one_third first real-thumbnail posttype-post post-format-standard'  itemscope=\"itemscope\" itemtype=\"https:\/\/schema.org\/CreativeWork\" ><a href='https:\/\/www.ameco.it\/en\/misure-contro-le-occupazioni-arbitrarie-di-immobili\/' data-rel='slide-1' class='slide-image' title='Misure contro le occupazioni arbitrarie di immobili'><img decoding=\"async\" width=\"495\" height=\"400\" src=\"https:\/\/www.ameco.it\/wp-content\/uploads\/2017\/05\/2-3-495x400.jpg\" class=\"wp-image-3370 avia-img-lazy-loading-not-3370 attachment-portfolio size-portfolio wp-post-image\" alt=\"\" \/><\/a><div class=\"slide-content\"><header class=\"entry-content-header\"><h3 class='slide-entry-title entry-title '  itemprop=\"headline\" ><a href='https:\/\/www.ameco.it\/en\/misure-contro-le-occupazioni-arbitrarie-di-immobili\/' title='Misure contro le occupazioni arbitrarie di immobili'>Misure contro le occupazioni arbitrarie di immobili<\/a><\/h3><span class=\"av-vertical-delimiter\"><\/span><\/header><div class=\"slide-meta\"><time class='slide-meta-time updated'  itemprop=\"datePublished\" datetime=\"2017-05-12T12:10:48+02:00\" >12 May 2017<\/time><\/div><div class='slide-entry-excerpt entry-content'  itemprop=\"text\" >\r\n\r\n<div class=\"read-more-link\"><a href=\"https:\/\/www.ameco.it\/en\/misure-contro-le-occupazioni-arbitrarie-di-immobili\/\" class=\"more-link\">Read more<span class=\"more-link-arrow\"><\/span><\/a><\/div><\/div><\/div><footer class=\"entry-footer\"><\/footer><span class='hidden'>\n\t\t\t\t<span class='av-structured-data'  itemprop=\"image\" itemscope=\"itemscope\" itemtype=\"https:\/\/schema.org\/ImageObject\" >\n\t\t\t\t\t\t<span itemprop='url'>https:\/\/www.ameco.it\/wp-content\/uploads\/2017\/05\/2-3.jpg<\/span>\n\t\t\t\t\t\t<span itemprop='height'>492<\/span>\n\t\t\t\t\t\t<span itemprop='width'>600<\/span>\n\t\t\t\t<\/span>\n\t\t\t\t<span class='av-structured-data'  itemprop=\"publisher\" itemtype=\"https:\/\/schema.org\/Organization\" itemscope=\"itemscope\" >\n\t\t\t\t\t\t<span itemprop='name'>Roberto Macan<\/span>\n\t\t\t\t\t\t<span itemprop='logo' itemscope itemtype='https:\/\/schema.org\/ImageObject'>\n\t\t\t\t\t\t\t<span itemprop='url'>\/wp-content\/uploads\/2016\/12\/ameco-logo-1.png<\/span>\n\t\t\t\t\t\t<\/span>\n\t\t\t\t<\/span><span class='av-structured-data'  itemprop=\"author\" itemscope=\"itemscope\" itemtype=\"https:\/\/schema.org\/Person\" ><span itemprop='name'>Roberto Macan<\/span><\/span><span class='av-structured-data'  itemprop=\"datePublished\" datetime=\"2017-05-05T09:20:41+02:00\" >2017-05-12 12:10:48<\/span><span class='av-structured-data'  itemprop=\"dateModified\" itemtype=\"https:\/\/schema.org\/dateModified\" >2017-08-24 15:55:20<\/span><span class='av-structured-data'  itemprop=\"mainEntityOfPage\" itemtype=\"https:\/\/schema.org\/mainEntityOfPage\" ><span itemprop='name'>Misure contro le occupazioni arbitrarie di immobili<\/span><\/span><\/span><\/article><article class='slide-entry flex_column  post-entry post-entry-4185 slide-entry-overview slide-loop-5 slide-parity-even  av_one_third  real-thumbnail posttype-post post-format-standard'  itemscope=\"itemscope\" itemtype=\"https:\/\/schema.org\/CreativeWork\" ><a href='https:\/\/www.ameco.it\/en\/sullimprocedibilita-del-ricorso-per-omessa-impugnazione-del-provvedimento-conclusivo-di-una-procedura-ad-evidenza-pubblica\/' data-rel='slide-1' class='slide-image' title='Sull\u2019improcedibilit\u00e0 del ricorso per omessa impugnazione del provvedimento conclusivo di una procedura ad evidenza pubblica'><img decoding=\"async\" width=\"495\" height=\"400\" src=\"https:\/\/www.ameco.it\/wp-content\/uploads\/2017\/05\/2-1-495x400.png\" class=\"wp-image-3307 avia-img-lazy-loading-not-3307 attachment-portfolio size-portfolio wp-post-image\" alt=\"\" \/><\/a><div class=\"slide-content\"><header class=\"entry-content-header\"><h3 class='slide-entry-title entry-title '  itemprop=\"headline\" ><a href='https:\/\/www.ameco.it\/en\/sullimprocedibilita-del-ricorso-per-omessa-impugnazione-del-provvedimento-conclusivo-di-una-procedura-ad-evidenza-pubblica\/' title='Sull\u2019improcedibilit\u00e0 del ricorso per omessa impugnazione del provvedimento conclusivo di una procedura ad evidenza pubblica'>Sull\u2019improcedibilit\u00e0 del ricorso per omessa impugnazione del provvedimento conclusivo di una procedura ad evidenza pubblica<\/a><\/h3><span class=\"av-vertical-delimiter\"><\/span><\/header><div class=\"slide-meta\"><time class='slide-meta-time updated'  itemprop=\"datePublished\" datetime=\"2017-05-10T12:15:21+02:00\" >10 May 2017<\/time><\/div><div class='slide-entry-excerpt entry-content'  itemprop=\"text\" >\r\n\r\n<div class=\"read-more-link\"><a href=\"https:\/\/www.ameco.it\/en\/sullimprocedibilita-del-ricorso-per-omessa-impugnazione-del-provvedimento-conclusivo-di-una-procedura-ad-evidenza-pubblica\/\" class=\"more-link\">Read more<span class=\"more-link-arrow\"><\/span><\/a><\/div><\/div><\/div><footer class=\"entry-footer\"><\/footer><span class='hidden'>\n\t\t\t\t<span class='av-structured-data'  itemprop=\"image\" itemscope=\"itemscope\" itemtype=\"https:\/\/schema.org\/ImageObject\" >\n\t\t\t\t\t\t<span itemprop='url'>https:\/\/www.ameco.it\/wp-content\/uploads\/2017\/05\/2-1.png<\/span>\n\t\t\t\t\t\t<span itemprop='height'>492<\/span>\n\t\t\t\t\t\t<span itemprop='width'>600<\/span>\n\t\t\t\t<\/span>\n\t\t\t\t<span class='av-structured-data'  itemprop=\"publisher\" itemtype=\"https:\/\/schema.org\/Organization\" itemscope=\"itemscope\" >\n\t\t\t\t\t\t<span itemprop='name'>Roberto Macan<\/span>\n\t\t\t\t\t\t<span itemprop='logo' itemscope itemtype='https:\/\/schema.org\/ImageObject'>\n\t\t\t\t\t\t\t<span itemprop='url'>\/wp-content\/uploads\/2016\/12\/ameco-logo-1.png<\/span>\n\t\t\t\t\t\t<\/span>\n\t\t\t\t<\/span><span class='av-structured-data'  itemprop=\"author\" itemscope=\"itemscope\" itemtype=\"https:\/\/schema.org\/Person\" ><span itemprop='name'>Roberto Macan<\/span><\/span><span class='av-structured-data'  itemprop=\"datePublished\" datetime=\"2017-05-05T09:20:41+02:00\" >2017-05-10 12:15:21<\/span><span class='av-structured-data'  itemprop=\"dateModified\" itemtype=\"https:\/\/schema.org\/dateModified\" >2017-08-24 15:58:03<\/span><span class='av-structured-data'  itemprop=\"mainEntityOfPage\" itemtype=\"https:\/\/schema.org\/mainEntityOfPage\" ><span itemprop='name'>Sull\u2019improcedibilit\u00e0 del ricorso per omessa impugnazione del provvedimento conclusivo di una procedura ad evidenza pubblica<\/span><\/span><\/span><\/article><article class='slide-entry flex_column  post-entry post-entry-4186 slide-entry-overview slide-loop-6 slide-parity-odd  post-entry-last  av_one_third  real-thumbnail posttype-post post-format-standard'  itemscope=\"itemscope\" itemtype=\"https:\/\/schema.org\/CreativeWork\" ><a href='https:\/\/www.ameco.it\/en\/legittimita-del-divieto-di-asportazione-di-monete-antiche-di-proprieta-di-privati\/' data-rel='slide-1' class='slide-image' title='Legittimit\u00e0 del divieto di asportazione di monete antiche di propriet\u00e0 di privati'><img decoding=\"async\" width=\"495\" height=\"400\" src=\"https:\/\/www.ameco.it\/wp-content\/uploads\/2017\/05\/1-2-495x400.jpg\" class=\"wp-image-3303 avia-img-lazy-loading-not-3303 attachment-portfolio size-portfolio wp-post-image\" alt=\"\" \/><\/a><div class=\"slide-content\"><header class=\"entry-content-header\"><h3 class='slide-entry-title entry-title '  itemprop=\"headline\" ><a href='https:\/\/www.ameco.it\/en\/legittimita-del-divieto-di-asportazione-di-monete-antiche-di-proprieta-di-privati\/' title='Legittimit\u00e0 del divieto di asportazione di monete antiche di propriet\u00e0 di privati'>Legittimit\u00e0 del divieto di asportazione di monete antiche di propriet\u00e0 di privati<\/a><\/h3><span class=\"av-vertical-delimiter\"><\/span><\/header><div class=\"slide-meta\"><time class='slide-meta-time updated'  itemprop=\"datePublished\" datetime=\"2017-05-10T12:11:54+02:00\" >10 May 2017<\/time><\/div><div class='slide-entry-excerpt entry-content'  itemprop=\"text\" >\r\n\r\n<div class=\"read-more-link\"><a href=\"https:\/\/www.ameco.it\/en\/legittimita-del-divieto-di-asportazione-di-monete-antiche-di-proprieta-di-privati\/\" class=\"more-link\">Read more<span class=\"more-link-arrow\"><\/span><\/a><\/div><\/div><\/div><footer class=\"entry-footer\"><\/footer><span class='hidden'>\n\t\t\t\t<span class='av-structured-data'  itemprop=\"image\" itemscope=\"itemscope\" itemtype=\"https:\/\/schema.org\/ImageObject\" >\n\t\t\t\t\t\t<span itemprop='url'>https:\/\/www.ameco.it\/wp-content\/uploads\/2017\/05\/1-2.jpg<\/span>\n\t\t\t\t\t\t<span itemprop='height'>492<\/span>\n\t\t\t\t\t\t<span itemprop='width'>600<\/span>\n\t\t\t\t<\/span>\n\t\t\t\t<span class='av-structured-data'  itemprop=\"publisher\" itemtype=\"https:\/\/schema.org\/Organization\" itemscope=\"itemscope\" >\n\t\t\t\t\t\t<span itemprop='name'>Roberto Macan<\/span>\n\t\t\t\t\t\t<span itemprop='logo' itemscope itemtype='https:\/\/schema.org\/ImageObject'>\n\t\t\t\t\t\t\t<span itemprop='url'>\/wp-content\/uploads\/2016\/12\/ameco-logo-1.png<\/span>\n\t\t\t\t\t\t<\/span>\n\t\t\t\t<\/span><span class='av-structured-data'  itemprop=\"author\" itemscope=\"itemscope\" itemtype=\"https:\/\/schema.org\/Person\" ><span itemprop='name'>Roberto Macan<\/span><\/span><span class='av-structured-data'  itemprop=\"datePublished\" datetime=\"2017-05-05T09:20:41+02:00\" >2017-05-10 12:11:54<\/span><span class='av-structured-data'  itemprop=\"dateModified\" itemtype=\"https:\/\/schema.org\/dateModified\" >2017-08-24 15:58:37<\/span><span class='av-structured-data'  itemprop=\"mainEntityOfPage\" itemtype=\"https:\/\/schema.org\/mainEntityOfPage\" ><span itemprop='name'>Legittimit\u00e0 del divieto di asportazione di monete antiche di propriet\u00e0 di privati<\/span><\/span><\/span><\/article><\/div><\/div><div class='pagination-wrap pagination-slider'><nav class='pagination'><span class='pagination-meta'>Page 1 of 2<\/span><span class='current'>1<\/span><a href='https:\/\/www.ameco.it\/en\/wp-json\/wp\/v2\/pages\/4294\/?avia-element-paging=2' class='inactive next_page' >2<\/a><\/nav>\n<\/div><\/div><\/p>\n","protected":false},"excerpt":{"rendered":"","protected":false},"author":2,"featured_media":0,"parent":0,"menu_order":0,"comment_status":"closed","ping_status":"closed","template":"","meta":{"footnotes":""},"class_list":["post-4294","page","type-page","status-publish","hentry"],"_links":{"self":[{"href":"https:\/\/www.ameco.it\/en\/wp-json\/wp\/v2\/pages\/4294","targetHints":{"allow":["GET"]}}],"collection":[{"href":"https:\/\/www.ameco.it\/en\/wp-json\/wp\/v2\/pages"}],"about":[{"href":"https:\/\/www.ameco.it\/en\/wp-json\/wp\/v2\/types\/page"}],"author":[{"embeddable":true,"href":"https:\/\/www.ameco.it\/en\/wp-json\/wp\/v2\/users\/2"}],"replies":[{"embeddable":true,"href":"https:\/\/www.ameco.it\/en\/wp-json\/wp\/v2\/comments?post=4294"}],"version-history":[{"count":2,"href":"https:\/\/www.ameco.it\/en\/wp-json\/wp\/v2\/pages\/4294\/revisions"}],"predecessor-version":[{"id":4871,"href":"https:\/\/www.ameco.it\/en\/wp-json\/wp\/v2\/pages\/4294\/revisions\/4871"}],"wp:attachment":[{"href":"https:\/\/www.ameco.it\/en\/wp-json\/wp\/v2\/media?parent=4294"}],"curies":[{"name":"wp","href":"https:\/\/api.w.org\/{rel}","templated":true}]}}